{"id":35,"date":"2024-01-20T02:00:36","date_gmt":"2024-01-20T02:00:36","guid":{"rendered":"https:\/\/web.pluralarquitectos.cl\/?page_id=35"},"modified":"2026-01-13T13:52:56","modified_gmt":"2026-01-13T13:52:56","slug":"nosotros","status":"publish","type":"page","link":"https:\/\/www.pluralarquitectos.cl\/?page_id=35","title":{"rendered":"NOSOTROS"},"content":{"rendered":"\t\t<div data-elementor-type=\"wp-page\" data-elementor-id=\"35\" class=\"elementor elementor-35\" data-elementor-post-type=\"page\">\n\t\t\t\t\t\t\t<div class=\"elementor-element elementor-element-efdc345 e-con-full e-flex e-con e-parent\" data-id=\"efdc345\" data-element_type=\"container\" data-settings=\"{&quot;content_width&quot;:&quot;full&quot;}\" data-core-v316-plus=\"true\">\n\t\t\t\t<div class=\"elementor-element elementor-element-14c712fd elementor-widget__width-inherit elementor--v-position-bottom elementor--h-position-center elementor-arrows-position-inside elementor-pagination-position-inside elementor-widget elementor-widget-slides\" data-id=\"14c712fd\" data-element_type=\"widget\" data-settings=\"{&quot;transition&quot;:&quot;fade&quot;,&quot;navigation&quot;:&quot;both&quot;,&quot;autoplay&quot;:&quot;yes&quot;,&quot;pause_on_hover&quot;:&quot;yes&quot;,&quot;pause_on_interaction&quot;:&quot;yes&quot;,&quot;autoplay_speed&quot;:5000,&quot;infinite&quot;:&quot;yes&quot;,&quot;transition_speed&quot;:500}\" data-widget_type=\"slides.default\">\n\t\t\t\t<div class=\"elementor-widget-container\">\n\t\t\t<style>\/*! pro-elements - v3.18.0 - 06-12-2023 *\/\n.elementor-slides .swiper-slide-bg{background-size:cover;background-position:50%;background-repeat:no-repeat;min-width:100%;min-height:100%}.elementor-slides .swiper-slide-inner{background-repeat:no-repeat;background-position:50%;position:absolute;top:0;left:0;bottom:0;right:0;padding:50px;margin:auto}.elementor-slides .swiper-slide-inner,.elementor-slides .swiper-slide-inner:hover{color:#fff;display:flex}.elementor-slides .swiper-slide-inner .elementor-background-overlay{position:absolute;z-index:0;top:0;bottom:0;left:0;right:0}.elementor-slides .swiper-slide-inner .elementor-slide-content{position:relative;z-index:1;width:100%}.elementor-slides .swiper-slide-inner .elementor-slide-heading{font-size:35px;font-weight:700;line-height:1}.elementor-slides .swiper-slide-inner .elementor-slide-description{font-size:17px;line-height:1.4}.elementor-slides .swiper-slide-inner .elementor-slide-description:not(:last-child),.elementor-slides .swiper-slide-inner .elementor-slide-heading:not(:last-child){margin-bottom:30px}.elementor-slides .swiper-slide-inner .elementor-slide-button{border:2px solid #fff;color:#fff;background:transparent;display:inline-block}.elementor-slides .swiper-slide-inner .elementor-slide-button,.elementor-slides .swiper-slide-inner .elementor-slide-button:hover{background:transparent;color:inherit;text-decoration:none}.elementor--v-position-top .swiper-slide-inner{align-items:flex-start}.elementor--v-position-bottom .swiper-slide-inner{align-items:flex-end}.elementor--v-position-middle .swiper-slide-inner{align-items:center}.elementor--h-position-left .swiper-slide-inner{justify-content:flex-start}.elementor--h-position-right .swiper-slide-inner{justify-content:flex-end}.elementor--h-position-center .swiper-slide-inner{justify-content:center}body.rtl .elementor-widget-slides .elementor-swiper-button-next{left:10px;right:auto}body.rtl .elementor-widget-slides .elementor-swiper-button-prev{right:10px;left:auto}.elementor-slides-wrapper div:not(.swiper-slide)>.swiper-slide-inner{display:none}@media (max-width:767px){.elementor-slides .swiper-slide-inner{padding:30px}.elementor-slides .swiper-slide-inner .elementor-slide-heading{font-size:23px;line-height:1;margin-bottom:15px}.elementor-slides .swiper-slide-inner .elementor-slide-description{font-size:13px;line-height:1.4;margin-bottom:15px}}<\/style>\t\t<div class=\"elementor-swiper\">\n\t\t\t<div class=\"elementor-slides-wrapper elementor-main-swiper swiper\" dir=\"ltr\" data-animation=\"fadeInUp\">\n\t\t\t\t<div class=\"swiper-wrapper elementor-slides\">\n\t\t\t\t\t\t\t\t\t\t<div class=\"elementor-repeater-item-02326c5 swiper-slide\"><div class=\"swiper-slide-bg\" role=\"img\"><\/div><div class=\"elementor-background-overlay\"><\/div><div class=\"swiper-slide-inner\" ><div class=\"swiper-slide-contents\"><div class=\"elementor-slide-description\">Nosotros<\/div><\/div><\/div><\/div>\t\t\t\t<\/div>\n\t\t\t\t\t\t\t<\/div>\n\t\t<\/div>\n\t\t\t\t<\/div>\n\t\t\t\t<\/div>\n\t\t\t\t<\/div>\n\t\t<div class=\"elementor-element elementor-element-3c3b4cfc elementor-hidden-desktop elementor-hidden-tablet e-flex e-con-boxed e-con e-parent\" data-id=\"3c3b4cfc\" data-element_type=\"container\" data-settings=\"{&quot;content_width&quot;:&quot;boxed&quot;}\" data-core-v316-plus=\"true\">\n\t\t\t\t\t<div class=\"e-con-inner\">\n\t\t<div class=\"elementor-element elementor-element-4eebb97f e-con-full e-flex e-con e-child\" data-id=\"4eebb97f\" data-element_type=\"container\" data-settings=\"{&quot;content_width&quot;:&quot;full&quot;}\">\n\t\t\t\t<div class=\"elementor-element elementor-element-2ecad916 elementor-widget__width-initial elementor-widget elementor-widget-elementskit-heading\" data-id=\"2ecad916\" data-element_type=\"widget\" data-widget_type=\"elementskit-heading.default\">\n\t\t\t\t<div class=\"elementor-widget-container\">\n\t\t\t<div class=\"ekit-wid-con\" ><div class=\"ekit-heading elementskit-section-title-wraper text_left   ekit_heading_tablet-   ekit_heading_mobile-\"><h2 class=\"ekit-heading--title elementskit-section-title  ekit-heading__title-has-border start\">Nuestro <span>ESTUDIO<\/span><\/h2><h3 class=\"ekit-heading--subtitle elementskit-section-subtitle  \">\n\t\t\t\t\t\tNace el a\u00f1o 2010, motivados por un ejercicio arquitect\u00f3nico eficiente, comprometidos con la calidad de cada entrega y atentos a los intereses de nuestros clientes.\n\t\t\t\t\t<\/h3><\/div><\/div>\t\t<\/div>\n\t\t\t\t<\/div>\n\t\t\t\t<\/div>\n\t\t<div class=\"elementor-element elementor-element-54b98fc e-flex e-con-boxed e-con e-child\" data-id=\"54b98fc\" data-element_type=\"container\" data-settings=\"{&quot;content_width&quot;:&quot;boxed&quot;}\">\n\t\t\t\t\t<div class=\"e-con-inner\">\n\t\t\t\t<div class=\"elementor-element elementor-element-7344e16 elementor-widget__width-initial elementor-widget elementor-widget-elementskit-heading\" data-id=\"7344e16\" data-element_type=\"widget\" data-widget_type=\"elementskit-heading.default\">\n\t\t\t\t<div class=\"elementor-widget-container\">\n\t\t\t<div class=\"ekit-wid-con\" ><div class=\"ekit-heading elementskit-section-title-wraper text_left   ekit_heading_tablet-   ekit_heading_mobile-\">\t\t\t\t<div class='ekit-heading__description'>\n\t\t\t\t\t<p><strong>Nos apasiona<\/strong> la complejidad de las ciudades y sus habitantes, y estamos en constante b\u00fasqueda de soluciones de dise\u00f1o creativas que permitan construir espacios de calidad, generando, al mismo tiempo, un impacto positivo en la sociedad y el medioambiente.<\/p>\n<p>\u00a0<\/p>\n<p><strong>Creemos que el trabajo multidisciplinario y colaborativo<\/strong> es clave para el desarrollo de proyectos integrales, eficientes, sustentables y de calidad.<\/p>\n<p>\u00a0<\/p>\n<p><strong>Nuestro equipo<\/strong> se compone de arquitectos, ingenieros, dise\u00f1adores y proyectistas de diversas \u00e1reas de especializaci\u00f3n.<\/p>\n\t\t\t\t<\/div>\n\t\t\t<\/div><\/div>\t\t<\/div>\n\t\t\t\t<\/div>\n\t\t\t\t\t<\/div>\n\t\t\t\t<\/div>\n\t\t\t\t\t<\/div>\n\t\t\t\t<\/div>\n\t\t<div class=\"elementor-element elementor-element-ff21b9e e-con-full elementor-hidden-mobile e-flex e-con e-parent\" data-id=\"ff21b9e\" data-element_type=\"container\" data-settings=\"{&quot;content_width&quot;:&quot;full&quot;}\" data-core-v316-plus=\"true\">\n\t\t<div class=\"elementor-element elementor-element-7b9e857 e-con-full e-flex e-con e-child\" data-id=\"7b9e857\" data-element_type=\"container\" data-settings=\"{&quot;content_width&quot;:&quot;full&quot;}\">\n\t\t\t\t<div class=\"elementor-element elementor-element-1c88373 elementor-widget__width-initial elementor-widget elementor-widget-elementskit-heading\" data-id=\"1c88373\" data-element_type=\"widget\" data-widget_type=\"elementskit-heading.default\">\n\t\t\t\t<div class=\"elementor-widget-container\">\n\t\t\t<div class=\"ekit-wid-con\" ><div class=\"ekit-heading elementskit-section-title-wraper text_left   ekit_heading_tablet-   ekit_heading_mobile-\"><h2 class=\"ekit-heading--title elementskit-section-title  ekit-heading__title-has-border start\">Nuestro <span>ESTUDIO<\/span><\/h2><h3 class=\"ekit-heading--subtitle elementskit-section-subtitle  \">\n\t\t\t\t\t\tNace el a\u00f1o 2010, motivados por un ejercicio arquitect\u00f3nico eficiente, comprometidos con la calidad de cada entrega y atentos a los intereses de nuestros clientes.\n\t\t\t\t\t<\/h3><\/div><\/div>\t\t<\/div>\n\t\t\t\t<\/div>\n\t\t\t\t<\/div>\n\t\t<div class=\"elementor-element elementor-element-4d1a725 e-con-full e-flex e-con e-child\" data-id=\"4d1a725\" data-element_type=\"container\" data-settings=\"{&quot;content_width&quot;:&quot;full&quot;}\">\n\t\t\t\t<div class=\"elementor-element elementor-element-5318f60 elementor-widget__width-initial elementor-widget elementor-widget-elementskit-heading\" data-id=\"5318f60\" data-element_type=\"widget\" data-widget_type=\"elementskit-heading.default\">\n\t\t\t\t<div class=\"elementor-widget-container\">\n\t\t\t<div class=\"ekit-wid-con\" ><div class=\"ekit-heading elementskit-section-title-wraper text_left   ekit_heading_tablet-   ekit_heading_mobile-\">\t\t\t\t<div class='ekit-heading__description'>\n\t\t\t\t\t<p><strong>Nos apasiona<\/strong> la complejidad de las ciudades y sus habitantes, y estamos en constante b\u00fasqueda de soluciones de dise\u00f1o creativas que permitan construir espacios de calidad, generando, al mismo tiempo, un impacto positivo en la sociedad y el medioambiente.<\/p>\n<p>\u00a0<\/p>\n<p><strong>Creemos que el trabajo multidisciplinario y colaborativo<\/strong> es clave para el desarrollo de proyectos integrales, eficientes, sustentables y de calidad.<\/p>\n<p>\u00a0<\/p>\n<p><strong>Nuestro equipo<\/strong> se compone de arquitectos, ingenieros, dise\u00f1adores y proyectistas de diversas \u00e1reas de especializaci\u00f3n.<\/p>\n\t\t\t\t<\/div>\n\t\t\t<\/div><\/div>\t\t<\/div>\n\t\t\t\t<\/div>\n\t\t\t\t<\/div>\n\t\t\t\t<\/div>\n\t\t\t\t<section class=\"elementor-section elementor-top-section elementor-element elementor-element-4a7061c elementor-section-full_width elementor-section-height-default elementor-section-height-default\" data-id=\"4a7061c\" data-element_type=\"section\" data-settings=\"{&quot;background_background&quot;:&quot;gradient&quot;}\">\n\t\t\t\t\t\t<div class=\"elementor-container elementor-column-gap-default\">\n\t\t\t\t\t<div class=\"elementor-column elementor-col-100 elementor-top-column elementor-element elementor-element-454cc6cc\" data-id=\"454cc6cc\" data-element_type=\"column\">\n\t\t\t<div class=\"elementor-widget-wrap elementor-element-populated\">\n\t\t\t\t\t\t\t\t<div class=\"elementor-element elementor-element-7716ebd elementor-widget elementor-widget-image\" data-id=\"7716ebd\" data-element_type=\"widget\" data-widget_type=\"image.default\">\n\t\t\t\t<div class=\"elementor-widget-container\">\n\t\t\t<style>\/*! elementor - v3.18.0 - 20-12-2023 *\/\n.elementor-widget-image{text-align:center}.elementor-widget-image a{display:inline-block}.elementor-widget-image a img[src$=\".svg\"]{width:48px}.elementor-widget-image img{vertical-align:middle;display:inline-block}<\/style>\t\t\t\t\t\t\t\t\t\t\t\t<img fetchpriority=\"high\" decoding=\"async\" width=\"2560\" height=\"746\" src=\"https:\/\/www.pluralarquitectos.cl\/wp-content\/uploads\/2024\/02\/DSC01087-scaled-e1706792200747.jpg\" class=\"attachment-full size-full wp-image-559\" alt=\"\" srcset=\"https:\/\/www.pluralarquitectos.cl\/wp-content\/uploads\/2024\/02\/DSC01087-scaled-e1706792200747.jpg 2560w, https:\/\/www.pluralarquitectos.cl\/wp-content\/uploads\/2024\/02\/DSC01087-scaled-e1706792200747-300x87.jpg 300w, https:\/\/www.pluralarquitectos.cl\/wp-content\/uploads\/2024\/02\/DSC01087-scaled-e1706792200747-1024x298.jpg 1024w, https:\/\/www.pluralarquitectos.cl\/wp-content\/uploads\/2024\/02\/DSC01087-scaled-e1706792200747-768x224.jpg 768w, https:\/\/www.pluralarquitectos.cl\/wp-content\/uploads\/2024\/02\/DSC01087-scaled-e1706792200747-1536x448.jpg 1536w, https:\/\/www.pluralarquitectos.cl\/wp-content\/uploads\/2024\/02\/DSC01087-scaled-e1706792200747-2048x597.jpg 2048w\" sizes=\"(max-width: 2560px) 100vw, 2560px\" \/>\t\t\t\t\t\t\t\t\t\t\t\t\t\t\t<\/div>\n\t\t\t\t<\/div>\n\t\t\t\t\t<\/div>\n\t\t<\/div>\n\t\t\t\t\t\t\t<\/div>\n\t\t<\/section>\n\t\t\t\t<section class=\"elementor-section elementor-top-section elementor-element elementor-element-43e7bbde elementor-section-full_width elementor-section-height-min-height elementor-hidden-mobile elementor-section-height-default elementor-section-items-middle\" data-id=\"43e7bbde\" data-element_type=\"section\" id=\"xs_team_8\" data-settings=\"{&quot;background_background&quot;:&quot;classic&quot;}\">\n\t\t\t\t\t\t<div class=\"elementor-container elementor-column-gap-default\">\n\t\t\t\t\t<div class=\"elementor-column elementor-col-100 elementor-top-column elementor-element elementor-element-1f3e00dd\" data-id=\"1f3e00dd\" data-element_type=\"column\">\n\t\t\t<div class=\"elementor-widget-wrap elementor-element-populated\">\n\t\t\t\t\t\t\t\t<section class=\"elementor-section elementor-inner-section elementor-element elementor-element-f09d4b2 elementor-section-boxed elementor-section-height-default elementor-section-height-default\" data-id=\"f09d4b2\" data-element_type=\"section\">\n\t\t\t\t\t\t<div class=\"elementor-container elementor-column-gap-default\">\n\t\t\t\t\t<div class=\"elementor-column elementor-col-100 elementor-inner-column elementor-element elementor-element-75c6f42\" data-id=\"75c6f42\" data-element_type=\"column\">\n\t\t\t<div class=\"elementor-widget-wrap elementor-element-populated\">\n\t\t\t\t\t\t\t\t<div class=\"elementor-element elementor-element-ca39489 elementor-widget__width-inherit elementor-widget elementor-widget-elementskit-heading\" data-id=\"ca39489\" data-element_type=\"widget\" data-widget_type=\"elementskit-heading.default\">\n\t\t\t\t<div class=\"elementor-widget-container\">\n\t\t\t<div class=\"ekit-wid-con\" ><div class=\"ekit-heading elementskit-section-title-wraper text_left   ekit_heading_tablet-   ekit_heading_mobile-\"><h2 class=\"ekit-heading--title elementskit-section-title  ekit-heading__title-has-border start\">Socios<\/h2><\/div><\/div>\t\t<\/div>\n\t\t\t\t<\/div>\n\t\t\t\t\t<\/div>\n\t\t<\/div>\n\t\t\t\t\t\t\t<\/div>\n\t\t<\/section>\n\t\t\t\t<section class=\"elementor-section elementor-inner-section elementor-element elementor-element-4048832 elementor-section-boxed elementor-section-height-default elementor-section-height-default\" data-id=\"4048832\" data-element_type=\"section\">\n\t\t\t\t\t\t<div class=\"elementor-container elementor-column-gap-default\">\n\t\t\t\t\t<div class=\"elementor-column elementor-col-25 elementor-inner-column elementor-element elementor-element-69b1124\" data-id=\"69b1124\" data-element_type=\"column\">\n\t\t\t<div class=\"elementor-widget-wrap elementor-element-populated\">\n\t\t\t\t\t\t\t\t<div class=\"elementor-element elementor-element-2d6fa52d elementor-widget__width-inherit elementor-widget elementor-widget-elementskit-team\" data-id=\"2d6fa52d\" data-element_type=\"widget\" data-widget_type=\"elementskit-team.default\">\n\t\t\t\t<div class=\"elementor-widget-container\">\n\t\t\t<div class=\"ekit-wid-con\">\n\t\t\t\t\t\t\t\t\t\t\t <div class=\"small-gutters image-card-v3\"> \t\t\t\t\t\t\t\t\t\t\t\t\t<div class=\"profile-image-card elementor-animation- ekit-team-img ekit-team-style-long_height_hover text-center\">\n\n\t\t\t\t\t\t\t\t\t\t\t\t\t<img decoding=\"async\" width=\"1702\" height=\"1898\" src=\"https:\/\/www.pluralarquitectos.cl\/wp-content\/uploads\/2024\/02\/DSC01298-scaled-e1706792817438.jpg\" class=\"attachment-full size-full wp-image-566\" alt=\"\" srcset=\"https:\/\/www.pluralarquitectos.cl\/wp-content\/uploads\/2024\/02\/DSC01298-scaled-e1706792817438.jpg 1702w, https:\/\/www.pluralarquitectos.cl\/wp-content\/uploads\/2024\/02\/DSC01298-scaled-e1706792817438-269x300.jpg 269w, https:\/\/www.pluralarquitectos.cl\/wp-content\/uploads\/2024\/02\/DSC01298-scaled-e1706792817438-918x1024.jpg 918w, https:\/\/www.pluralarquitectos.cl\/wp-content\/uploads\/2024\/02\/DSC01298-scaled-e1706792817438-768x856.jpg 768w, https:\/\/www.pluralarquitectos.cl\/wp-content\/uploads\/2024\/02\/DSC01298-scaled-e1706792817438-1377x1536.jpg 1377w\" sizes=\"(max-width: 1702px) 100vw, 1702px\" \/>\t\t\t\t\t\t\t\t\t\t\t\t<div class=\"hover-area\">\n\t\t\t\t\t\t\t<div class=\"profile-body\">\n\t\t\t\t\t\t\t\t<h2 class=\"profile-title\">\n\t\t\t\t\t\t\t\t\t\t\t\t\t\t\t\t\tCrist\u00f3bal Asenjo\t\t\t\t\t\t\t\t\t\t\t\t\t\t\t\t<\/h2>\n\t\t\t\t\t\t\t\t<p class=\"profile-designation\"><\/p>\n\t\t\t\t\t\t\t\t\t\t\t\t\t\t\t\t<p class=\"profile-content\">Arquitecto P. U. C. Valpara\u00edso \/ \nMSc Sustainable Urbanism,\nUniversity College London, UK.<\/p>\n\t\t\t\t\t\t\t\t\t\t\t\t\t\t\t<\/div>\n\t\t\t\t\t\t\t\t\t\t\t\t\t<\/div>\n\t\t\t\t\t<\/div>\n\t\t\t\t\t <\/div> \n\t\t\t\t\n\t\t\t\t<\/div>\t\t<\/div>\n\t\t\t\t<\/div>\n\t\t\t\t\t<\/div>\n\t\t<\/div>\n\t\t\t\t<div class=\"elementor-column elementor-col-25 elementor-inner-column elementor-element elementor-element-accfc4b\" data-id=\"accfc4b\" data-element_type=\"column\">\n\t\t\t<div class=\"elementor-widget-wrap elementor-element-populated\">\n\t\t\t\t\t\t\t\t<div class=\"elementor-element elementor-element-581ed54 elementor-widget elementor-widget-elementskit-team\" data-id=\"581ed54\" data-element_type=\"widget\" data-widget_type=\"elementskit-team.default\">\n\t\t\t\t<div class=\"elementor-widget-container\">\n\t\t\t<div class=\"ekit-wid-con\">\n\t\t\t\t\t\t\t\t\t\t\t <div class=\"small-gutters image-card-v3\"> \t\t\t\t\t\t\t\t\t\t\t\t\t<div class=\"profile-image-card elementor-animation- ekit-team-img ekit-team-style-long_height_hover text-center\">\n\n\t\t\t\t\t\t\t\t\t\t\t\t\t<img decoding=\"async\" width=\"1702\" height=\"1902\" src=\"https:\/\/www.pluralarquitectos.cl\/wp-content\/uploads\/2024\/02\/DSC01280-scaled-e1706792847750.jpg\" class=\"attachment-full size-full wp-image-565\" alt=\"\" srcset=\"https:\/\/www.pluralarquitectos.cl\/wp-content\/uploads\/2024\/02\/DSC01280-scaled-e1706792847750.jpg 1702w, https:\/\/www.pluralarquitectos.cl\/wp-content\/uploads\/2024\/02\/DSC01280-scaled-e1706792847750-268x300.jpg 268w, https:\/\/www.pluralarquitectos.cl\/wp-content\/uploads\/2024\/02\/DSC01280-scaled-e1706792847750-916x1024.jpg 916w, https:\/\/www.pluralarquitectos.cl\/wp-content\/uploads\/2024\/02\/DSC01280-scaled-e1706792847750-768x858.jpg 768w, https:\/\/www.pluralarquitectos.cl\/wp-content\/uploads\/2024\/02\/DSC01280-scaled-e1706792847750-1374x1536.jpg 1374w\" sizes=\"(max-width: 1702px) 100vw, 1702px\" \/>\t\t\t\t\t\t\t\t\t\t\t\t<div class=\"hover-area\">\n\t\t\t\t\t\t\t<div class=\"profile-body\">\n\t\t\t\t\t\t\t\t<h2 class=\"profile-title\">\n\t\t\t\t\t\t\t\t\t\t\t\t\t\t\t\t\tRoberto Casals\t\t\t\t\t\t\t\t\t\t\t\t\t\t\t\t<\/h2>\n\t\t\t\t\t\t\t\t<p class=\"profile-designation\"><\/p>\n\t\t\t\t\t\t\t\t\t\t\t\t\t\t\t\t<p class=\"profile-content\">Arquitecto U. Central \/ M\u00e1ster en Desarrollo Inmobiliario, MDI ESE Universidad de los Andes.<\/p>\n\t\t\t\t\t\t\t\t\t\t\t\t\t\t\t<\/div>\n\t\t\t\t\t\t\t\t\t\t\t\t\t<\/div>\n\t\t\t\t\t<\/div>\n\t\t\t\t\t <\/div> \n\t\t\t\t\n\t\t\t\t<\/div>\t\t<\/div>\n\t\t\t\t<\/div>\n\t\t\t\t\t<\/div>\n\t\t<\/div>\n\t\t\t\t<div class=\"elementor-column elementor-col-25 elementor-inner-column elementor-element elementor-element-b7e3a6d\" data-id=\"b7e3a6d\" data-element_type=\"column\">\n\t\t\t<div class=\"elementor-widget-wrap\">\n\t\t\t\t\t\t\t\t\t<\/div>\n\t\t<\/div>\n\t\t\t\t<div class=\"elementor-column elementor-col-25 elementor-inner-column elementor-element elementor-element-8f8131a\" data-id=\"8f8131a\" data-element_type=\"column\">\n\t\t\t<div class=\"elementor-widget-wrap\">\n\t\t\t\t\t\t\t\t\t<\/div>\n\t\t<\/div>\n\t\t\t\t\t\t\t<\/div>\n\t\t<\/section>\n\t\t\t\t<section class=\"elementor-section elementor-inner-section elementor-element elementor-element-3202c4a elementor-section-boxed elementor-section-height-default elementor-section-height-default\" data-id=\"3202c4a\" data-element_type=\"section\">\n\t\t\t\t\t\t<div class=\"elementor-container elementor-column-gap-default\">\n\t\t\t\t\t<div class=\"elementor-column elementor-col-100 elementor-inner-column elementor-element elementor-element-3fdaaa3\" data-id=\"3fdaaa3\" data-element_type=\"column\">\n\t\t\t<div class=\"elementor-widget-wrap elementor-element-populated\">\n\t\t\t\t\t\t\t\t<div class=\"elementor-element elementor-element-df5385a elementor-widget__width-inherit elementor-widget elementor-widget-elementskit-heading\" data-id=\"df5385a\" data-element_type=\"widget\" data-widget_type=\"elementskit-heading.default\">\n\t\t\t\t<div class=\"elementor-widget-container\">\n\t\t\t<div class=\"ekit-wid-con\" ><div class=\"ekit-heading elementskit-section-title-wraper text_left   ekit_heading_tablet-   ekit_heading_mobile-\"><h2 class=\"ekit-heading--title elementskit-section-title  ekit-heading__title-has-border start\">Equipo<\/h2><\/div><\/div>\t\t<\/div>\n\t\t\t\t<\/div>\n\t\t\t\t\t<\/div>\n\t\t<\/div>\n\t\t\t\t\t\t\t<\/div>\n\t\t<\/section>\n\t\t\t\t<section class=\"elementor-section elementor-inner-section elementor-element elementor-element-192378c elementor-section-boxed elementor-section-height-default elementor-section-height-default\" data-id=\"192378c\" data-element_type=\"section\">\n\t\t\t\t\t\t<div class=\"elementor-container elementor-column-gap-default\">\n\t\t\t\t\t<div class=\"elementor-column elementor-col-25 elementor-inner-column elementor-element elementor-element-a48c7a6\" data-id=\"a48c7a6\" data-element_type=\"column\">\n\t\t\t<div class=\"elementor-widget-wrap elementor-element-populated\">\n\t\t\t\t\t\t\t\t<div class=\"elementor-element elementor-element-69c7655 elementor-widget__width-inherit elementor-widget elementor-widget-elementskit-team\" data-id=\"69c7655\" data-element_type=\"widget\" data-widget_type=\"elementskit-team.default\">\n\t\t\t\t<div class=\"elementor-widget-container\">\n\t\t\t<div class=\"ekit-wid-con\">\n\t\t\t\t\t\t\t\t\t\t\t <div class=\"small-gutters image-card-v3\"> \t\t\t\t\t\t\t\t\t\t\t\t\t<div class=\"profile-image-card elementor-animation- ekit-team-img ekit-team-style-long_height_hover text-center\">\n\n\t\t\t\t\t\t\t\t\t\t\t\t\t<img loading=\"lazy\" decoding=\"async\" width=\"1702\" height=\"1898\" src=\"https:\/\/www.pluralarquitectos.cl\/wp-content\/uploads\/2026\/01\/marcela-sanhueza.jpg\" class=\"attachment-full size-full wp-image-4023\" alt=\"\" srcset=\"https:\/\/www.pluralarquitectos.cl\/wp-content\/uploads\/2026\/01\/marcela-sanhueza.jpg 1702w, https:\/\/www.pluralarquitectos.cl\/wp-content\/uploads\/2026\/01\/marcela-sanhueza-269x300.jpg 269w, https:\/\/www.pluralarquitectos.cl\/wp-content\/uploads\/2026\/01\/marcela-sanhueza-918x1024.jpg 918w, https:\/\/www.pluralarquitectos.cl\/wp-content\/uploads\/2026\/01\/marcela-sanhueza-768x856.jpg 768w, https:\/\/www.pluralarquitectos.cl\/wp-content\/uploads\/2026\/01\/marcela-sanhueza-1377x1536.jpg 1377w\" sizes=\"(max-width: 1702px) 100vw, 1702px\" \/>\t\t\t\t\t\t\t\t\t\t\t\t<div class=\"hover-area\">\n\t\t\t\t\t\t\t<div class=\"profile-body\">\n\t\t\t\t\t\t\t\t<h2 class=\"profile-title\">\n\t\t\t\t\t\t\t\t\t\t\t\t\t\t\t\t\tMarcela Sanhueza\t\t\t\t\t\t\t\t\t\t\t\t\t\t\t\t<\/h2>\n\t\t\t\t\t\t\t\t<p class=\"profile-designation\"><\/p>\n\t\t\t\t\t\t\t\t\t\t\t\t\t\t\t\t<p class=\"profile-content\">Arquitecta coordinadora de proyectos \u00e1rea edificaci\u00f3n p\u00fablica<\/p>\n\t\t\t\t\t\t\t\t\t\t\t\t\t\t\t<\/div>\n\t\t\t\t\t\t\t\t\t\t\t\t\t<\/div>\n\t\t\t\t\t<\/div>\n\t\t\t\t\t <\/div> \n\t\t\t\t\n\t\t\t\t<\/div>\t\t<\/div>\n\t\t\t\t<\/div>\n\t\t\t\t\t<\/div>\n\t\t<\/div>\n\t\t\t\t<div class=\"elementor-column elementor-col-25 elementor-inner-column elementor-element elementor-element-eefe9d7\" data-id=\"eefe9d7\" data-element_type=\"column\">\n\t\t\t<div class=\"elementor-widget-wrap elementor-element-populated\">\n\t\t\t\t\t\t\t\t<div class=\"elementor-element elementor-element-508c49d elementor-widget elementor-widget-elementskit-team\" data-id=\"508c49d\" data-element_type=\"widget\" data-widget_type=\"elementskit-team.default\">\n\t\t\t\t<div class=\"elementor-widget-container\">\n\t\t\t<div class=\"ekit-wid-con\">\n\t\t\t\t\t\t\t\t\t\t\t <div class=\"small-gutters image-card-v3\"> \t\t\t\t\t\t\t\t\t\t\t\t\t<div class=\"profile-image-card elementor-animation- ekit-team-img ekit-team-style-long_height_hover text-center\">\n\n\t\t\t\t\t\t\t\t\t\t\t\t\t<img loading=\"lazy\" decoding=\"async\" width=\"1702\" height=\"1898\" src=\"https:\/\/www.pluralarquitectos.cl\/wp-content\/uploads\/2026\/01\/leticia-lago.jpg\" class=\"attachment-full size-full wp-image-4022\" alt=\"\" srcset=\"https:\/\/www.pluralarquitectos.cl\/wp-content\/uploads\/2026\/01\/leticia-lago.jpg 1702w, https:\/\/www.pluralarquitectos.cl\/wp-content\/uploads\/2026\/01\/leticia-lago-269x300.jpg 269w, https:\/\/www.pluralarquitectos.cl\/wp-content\/uploads\/2026\/01\/leticia-lago-918x1024.jpg 918w, https:\/\/www.pluralarquitectos.cl\/wp-content\/uploads\/2026\/01\/leticia-lago-768x856.jpg 768w, https:\/\/www.pluralarquitectos.cl\/wp-content\/uploads\/2026\/01\/leticia-lago-1377x1536.jpg 1377w\" sizes=\"(max-width: 1702px) 100vw, 1702px\" \/>\t\t\t\t\t\t\t\t\t\t\t\t<div class=\"hover-area\">\n\t\t\t\t\t\t\t<div class=\"profile-body\">\n\t\t\t\t\t\t\t\t<h2 class=\"profile-title\">\n\t\t\t\t\t\t\t\t\t\t\t\t\t\t\t\t\tLeticia Lago\t\t\t\t\t\t\t\t\t\t\t\t\t\t\t\t<\/h2>\n\t\t\t\t\t\t\t\t<p class=\"profile-designation\"><\/p>\n\t\t\t\t\t\t\t\t\t\t\t\t\t\t\t\t<p class=\"profile-content\">Arquitecta coordinadora de proyectos \u00e1rea inmobiliaria<\/p>\n\t\t\t\t\t\t\t\t\t\t\t\t\t\t\t<\/div>\n\t\t\t\t\t\t\t\t\t\t\t\t\t<\/div>\n\t\t\t\t\t<\/div>\n\t\t\t\t\t <\/div> \n\t\t\t\t\n\t\t\t\t<\/div>\t\t<\/div>\n\t\t\t\t<\/div>\n\t\t\t\t\t<\/div>\n\t\t<\/div>\n\t\t\t\t<div class=\"elementor-column elementor-col-25 elementor-inner-column elementor-element elementor-element-4ce86b2\" data-id=\"4ce86b2\" data-element_type=\"column\">\n\t\t\t<div class=\"elementor-widget-wrap elementor-element-populated\">\n\t\t\t\t\t\t\t\t<div class=\"elementor-element elementor-element-2ca5206 elementor-widget__width-inherit elementor-widget elementor-widget-elementskit-team\" data-id=\"2ca5206\" data-element_type=\"widget\" data-widget_type=\"elementskit-team.default\">\n\t\t\t\t<div class=\"elementor-widget-container\">\n\t\t\t<div class=\"ekit-wid-con\">\n\t\t\t\t\t\t\t\t\t\t\t <div class=\"small-gutters image-card-v3\"> \t\t\t\t\t\t\t\t\t\t\t\t\t<div class=\"profile-image-card elementor-animation- ekit-team-img ekit-team-style-long_height_hover text-center\">\n\n\t\t\t\t\t\t\t\t\t\t\t\t\t<img loading=\"lazy\" decoding=\"async\" width=\"1702\" height=\"1898\" src=\"https:\/\/www.pluralarquitectos.cl\/wp-content\/uploads\/2026\/01\/max-aliaga.jpg\" class=\"attachment-full size-full wp-image-4024\" alt=\"\" srcset=\"https:\/\/www.pluralarquitectos.cl\/wp-content\/uploads\/2026\/01\/max-aliaga.jpg 1702w, https:\/\/www.pluralarquitectos.cl\/wp-content\/uploads\/2026\/01\/max-aliaga-269x300.jpg 269w, https:\/\/www.pluralarquitectos.cl\/wp-content\/uploads\/2026\/01\/max-aliaga-918x1024.jpg 918w, https:\/\/www.pluralarquitectos.cl\/wp-content\/uploads\/2026\/01\/max-aliaga-768x856.jpg 768w, https:\/\/www.pluralarquitectos.cl\/wp-content\/uploads\/2026\/01\/max-aliaga-1377x1536.jpg 1377w\" sizes=\"(max-width: 1702px) 100vw, 1702px\" \/>\t\t\t\t\t\t\t\t\t\t\t\t<div class=\"hover-area\">\n\t\t\t\t\t\t\t<div class=\"profile-body\">\n\t\t\t\t\t\t\t\t<h2 class=\"profile-title\">\n\t\t\t\t\t\t\t\t\t\t\t\t\t\t\t\t\tMaximiliano Aliaga\t\t\t\t\t\t\t\t\t\t\t\t\t\t\t\t<\/h2>\n\t\t\t\t\t\t\t\t<p class=\"profile-designation\"><\/p>\n\t\t\t\t\t\t\t\t\t\t\t\t\t\t\t\t<p class=\"profile-content\">Arquitecto responsable \u00e1rea de dise\u00f1o<\/p>\n\t\t\t\t\t\t\t\t\t\t\t\t\t\t\t<\/div>\n\t\t\t\t\t\t\t\t\t\t\t\t\t<\/div>\n\t\t\t\t\t<\/div>\n\t\t\t\t\t <\/div> \n\t\t\t\t\n\t\t\t\t<\/div>\t\t<\/div>\n\t\t\t\t<\/div>\n\t\t\t\t\t<\/div>\n\t\t<\/div>\n\t\t\t\t<div class=\"elementor-column elementor-col-25 elementor-inner-column elementor-element elementor-element-94564aa\" data-id=\"94564aa\" data-element_type=\"column\">\n\t\t\t<div class=\"elementor-widget-wrap elementor-element-populated\">\n\t\t\t\t\t\t\t\t<div class=\"elementor-element elementor-element-f510b7d elementor-widget__width-inherit elementor-widget elementor-widget-elementskit-team\" data-id=\"f510b7d\" data-element_type=\"widget\" data-widget_type=\"elementskit-team.default\">\n\t\t\t\t<div class=\"elementor-widget-container\">\n\t\t\t<div class=\"ekit-wid-con\">\n\t\t\t\t\t\t\t\t\t\t\t <div class=\"small-gutters image-card-v3\"> \t\t\t\t\t\t\t\t\t\t\t\t\t<div class=\"profile-image-card elementor-animation- ekit-team-img ekit-team-style-long_height_hover text-center\">\n\n\t\t\t\t\t\t\t\t\t\t\t\t\t<img loading=\"lazy\" decoding=\"async\" width=\"1702\" height=\"1898\" src=\"https:\/\/www.pluralarquitectos.cl\/wp-content\/uploads\/2026\/01\/belen-vio-1.jpg\" class=\"attachment-full size-full wp-image-4055\" alt=\"\" srcset=\"https:\/\/www.pluralarquitectos.cl\/wp-content\/uploads\/2026\/01\/belen-vio-1.jpg 1702w, https:\/\/www.pluralarquitectos.cl\/wp-content\/uploads\/2026\/01\/belen-vio-1-269x300.jpg 269w, https:\/\/www.pluralarquitectos.cl\/wp-content\/uploads\/2026\/01\/belen-vio-1-918x1024.jpg 918w, https:\/\/www.pluralarquitectos.cl\/wp-content\/uploads\/2026\/01\/belen-vio-1-768x856.jpg 768w, https:\/\/www.pluralarquitectos.cl\/wp-content\/uploads\/2026\/01\/belen-vio-1-1377x1536.jpg 1377w\" sizes=\"(max-width: 1702px) 100vw, 1702px\" \/>\t\t\t\t\t\t\t\t\t\t\t\t<div class=\"hover-area\">\n\t\t\t\t\t\t\t<div class=\"profile-body\">\n\t\t\t\t\t\t\t\t<h2 class=\"profile-title\">\n\t\t\t\t\t\t\t\t\t\t\t\t\t\t\t\t\tBel\u00e9n Vio\t\t\t\t\t\t\t\t\t\t\t\t\t\t\t\t<\/h2>\n\t\t\t\t\t\t\t\t<p class=\"profile-designation\"><\/p>\n\t\t\t\t\t\t\t\t\t\t\t\t\t\t\t\t<p class=\"profile-content\">Arquitecta coordinadora \u00e1rea de proyectos urbanos<\/p>\n\t\t\t\t\t\t\t\t\t\t\t\t\t\t\t<\/div>\n\t\t\t\t\t\t\t\t\t\t\t\t\t<\/div>\n\t\t\t\t\t<\/div>\n\t\t\t\t\t <\/div> \n\t\t\t\t\n\t\t\t\t<\/div>\t\t<\/div>\n\t\t\t\t<\/div>\n\t\t\t\t\t<\/div>\n\t\t<\/div>\n\t\t\t\t\t\t\t<\/div>\n\t\t<\/section>\n\t\t\t\t\t<\/div>\n\t\t<\/div>\n\t\t\t\t\t\t\t<\/div>\n\t\t<\/section>\n\t\t<div class=\"elementor-element elementor-element-ee841d0 elementor-hidden-desktop elementor-hidden-tablet e-flex e-con-boxed e-con e-parent\" data-id=\"ee841d0\" data-element_type=\"container\" data-settings=\"{&quot;background_background&quot;:&quot;classic&quot;,&quot;content_width&quot;:&quot;boxed&quot;}\" data-core-v316-plus=\"true\">\n\t\t\t\t\t<div class=\"e-con-inner\">\n\t\t\t\t<div class=\"elementor-element elementor-element-da42f78 elementor-widget__width-initial elementor-widget elementor-widget-elementskit-heading\" data-id=\"da42f78\" data-element_type=\"widget\" data-widget_type=\"elementskit-heading.default\">\n\t\t\t\t<div class=\"elementor-widget-container\">\n\t\t\t<div class=\"ekit-wid-con\" ><div class=\"ekit-heading elementskit-section-title-wraper text_left   ekit_heading_tablet-   ekit_heading_mobile-\"><h2 class=\"ekit-heading--title elementskit-section-title  ekit-heading__title-has-border start\">Socios<\/h2><\/div><\/div>\t\t<\/div>\n\t\t\t\t<\/div>\n\t\t\t\t\t<\/div>\n\t\t\t\t<\/div>\n\t\t<div class=\"elementor-element elementor-element-63fa7fb elementor-hidden-desktop elementor-hidden-tablet e-flex e-con-boxed e-con e-parent\" data-id=\"63fa7fb\" data-element_type=\"container\" data-settings=\"{&quot;background_background&quot;:&quot;classic&quot;,&quot;content_width&quot;:&quot;boxed&quot;}\" data-core-v316-plus=\"true\">\n\t\t\t\t\t<div class=\"e-con-inner\">\n\t\t\t\t<div class=\"elementor-element elementor-element-32ae2c3 elementor-widget elementor-widget-elementskit-team\" data-id=\"32ae2c3\" data-element_type=\"widget\" data-widget_type=\"elementskit-team.default\">\n\t\t\t\t<div class=\"elementor-widget-container\">\n\t\t\t<div class=\"ekit-wid-con\">\n\t\t\t\t\t\t\t\t\t\t\t <div class=\"small-gutters image-card-v3\"> \t\t\t\t\t\t\t\t\t\t\t\t\t<div class=\"profile-image-card elementor-animation- ekit-team-img ekit-team-style-long_height_hover text-center\">\n\n\t\t\t\t\t\t\t\t\t\t\t\t\t<img decoding=\"async\" width=\"1702\" height=\"1898\" src=\"https:\/\/www.pluralarquitectos.cl\/wp-content\/uploads\/2024\/02\/DSC01298-scaled-e1706792817438.jpg\" class=\"attachment-full size-full wp-image-566\" alt=\"\" srcset=\"https:\/\/www.pluralarquitectos.cl\/wp-content\/uploads\/2024\/02\/DSC01298-scaled-e1706792817438.jpg 1702w, https:\/\/www.pluralarquitectos.cl\/wp-content\/uploads\/2024\/02\/DSC01298-scaled-e1706792817438-269x300.jpg 269w, https:\/\/www.pluralarquitectos.cl\/wp-content\/uploads\/2024\/02\/DSC01298-scaled-e1706792817438-918x1024.jpg 918w, https:\/\/www.pluralarquitectos.cl\/wp-content\/uploads\/2024\/02\/DSC01298-scaled-e1706792817438-768x856.jpg 768w, https:\/\/www.pluralarquitectos.cl\/wp-content\/uploads\/2024\/02\/DSC01298-scaled-e1706792817438-1377x1536.jpg 1377w\" sizes=\"(max-width: 1702px) 100vw, 1702px\" \/>\t\t\t\t\t\t\t\t\t\t\t\t<div class=\"hover-area\">\n\t\t\t\t\t\t\t<div class=\"profile-body\">\n\t\t\t\t\t\t\t\t<h2 class=\"profile-title\">\n\t\t\t\t\t\t\t\t\t\t\t\t\t\t\t\t\tCrist\u00f3bal Asenjo\t\t\t\t\t\t\t\t\t\t\t\t\t\t\t\t<\/h2>\n\t\t\t\t\t\t\t\t<p class=\"profile-designation\"><\/p>\n\t\t\t\t\t\t\t\t\t\t\t\t\t\t\t\t<p class=\"profile-content\">Arquitecto P. U. C. Valpara\u00edso \/\nMSc Sustainable Urbanism,\nUniversity College London, UK.<\/p>\n\t\t\t\t\t\t\t\t\t\t\t\t\t\t\t<\/div>\n\t\t\t\t\t\t\t\t\t\t\t\t\t<\/div>\n\t\t\t\t\t<\/div>\n\t\t\t\t\t <\/div> \n\t\t\t\t\n\t\t\t\t<\/div>\t\t<\/div>\n\t\t\t\t<\/div>\n\t\t\t\t<div class=\"elementor-element elementor-element-3f5b4e1 elementor-widget elementor-widget-elementskit-team\" data-id=\"3f5b4e1\" data-element_type=\"widget\" data-widget_type=\"elementskit-team.default\">\n\t\t\t\t<div class=\"elementor-widget-container\">\n\t\t\t<div class=\"ekit-wid-con\">\n\t\t\t\t\t\t\t\t\t\t\t <div class=\"small-gutters image-card-v3\"> \t\t\t\t\t\t\t\t\t\t\t\t\t<div class=\"profile-image-card elementor-animation- ekit-team-img ekit-team-style-long_height_hover text-center\">\n\n\t\t\t\t\t\t\t\t\t\t\t\t\t<img decoding=\"async\" width=\"1702\" height=\"1902\" src=\"https:\/\/www.pluralarquitectos.cl\/wp-content\/uploads\/2024\/02\/DSC01280-scaled-e1706792847750.jpg\" class=\"attachment-full size-full wp-image-565\" alt=\"\" srcset=\"https:\/\/www.pluralarquitectos.cl\/wp-content\/uploads\/2024\/02\/DSC01280-scaled-e1706792847750.jpg 1702w, https:\/\/www.pluralarquitectos.cl\/wp-content\/uploads\/2024\/02\/DSC01280-scaled-e1706792847750-268x300.jpg 268w, https:\/\/www.pluralarquitectos.cl\/wp-content\/uploads\/2024\/02\/DSC01280-scaled-e1706792847750-916x1024.jpg 916w, https:\/\/www.pluralarquitectos.cl\/wp-content\/uploads\/2024\/02\/DSC01280-scaled-e1706792847750-768x858.jpg 768w, https:\/\/www.pluralarquitectos.cl\/wp-content\/uploads\/2024\/02\/DSC01280-scaled-e1706792847750-1374x1536.jpg 1374w\" sizes=\"(max-width: 1702px) 100vw, 1702px\" \/>\t\t\t\t\t\t\t\t\t\t\t\t<div class=\"hover-area\">\n\t\t\t\t\t\t\t<div class=\"profile-body\">\n\t\t\t\t\t\t\t\t<h2 class=\"profile-title\">\n\t\t\t\t\t\t\t\t\t\t\t\t\t\t\t\t\tRoberto Casals\t\t\t\t\t\t\t\t\t\t\t\t\t\t\t\t<\/h2>\n\t\t\t\t\t\t\t\t<p class=\"profile-designation\"><\/p>\n\t\t\t\t\t\t\t\t\t\t\t\t\t\t\t\t<p class=\"profile-content\">Arquitecto U. Central \/ M\u00e1ster en Desarrollo Inmobiliario, MDI ESE Universidad de los Andes.<\/p>\n\t\t\t\t\t\t\t\t\t\t\t\t\t\t\t<\/div>\n\t\t\t\t\t\t\t\t\t\t\t\t\t<\/div>\n\t\t\t\t\t<\/div>\n\t\t\t\t\t <\/div> \n\t\t\t\t\n\t\t\t\t<\/div>\t\t<\/div>\n\t\t\t\t<\/div>\n\t\t\t\t\t<\/div>\n\t\t\t\t<\/div>\n\t\t<div class=\"elementor-element elementor-element-9687abd elementor-hidden-desktop elementor-hidden-tablet e-flex e-con-boxed e-con e-parent\" data-id=\"9687abd\" data-element_type=\"container\" data-settings=\"{&quot;background_background&quot;:&quot;classic&quot;,&quot;content_width&quot;:&quot;boxed&quot;}\" data-core-v316-plus=\"true\">\n\t\t\t\t\t<div class=\"e-con-inner\">\n\t\t\t\t<div class=\"elementor-element elementor-element-7fe57d0 elementor-widget__width-initial elementor-widget elementor-widget-elementskit-heading\" data-id=\"7fe57d0\" data-element_type=\"widget\" data-widget_type=\"elementskit-heading.default\">\n\t\t\t\t<div class=\"elementor-widget-container\">\n\t\t\t<div class=\"ekit-wid-con\" ><div class=\"ekit-heading elementskit-section-title-wraper text_left   ekit_heading_tablet-   ekit_heading_mobile-\"><h2 class=\"ekit-heading--title elementskit-section-title  ekit-heading__title-has-border start\">Equipo<\/h2><\/div><\/div>\t\t<\/div>\n\t\t\t\t<\/div>\n\t\t\t\t\t<\/div>\n\t\t\t\t<\/div>\n\t\t<div class=\"elementor-element elementor-element-6606c84 elementor-hidden-desktop elementor-hidden-tablet e-flex e-con-boxed e-con e-parent\" data-id=\"6606c84\" data-element_type=\"container\" data-settings=\"{&quot;background_background&quot;:&quot;classic&quot;,&quot;content_width&quot;:&quot;boxed&quot;}\" data-core-v316-plus=\"true\">\n\t\t\t\t\t<div class=\"e-con-inner\">\n\t\t\t\t<div class=\"elementor-element elementor-element-82cfafb elementor-widget elementor-widget-elementskit-team\" data-id=\"82cfafb\" data-element_type=\"widget\" data-widget_type=\"elementskit-team.default\">\n\t\t\t\t<div class=\"elementor-widget-container\">\n\t\t\t<div class=\"ekit-wid-con\">\n\t\t\t\t\t\t\t\t\t\t\t <div class=\"small-gutters image-card-v3\"> \t\t\t\t\t\t\t\t\t\t\t\t\t<div class=\"profile-image-card elementor-animation- ekit-team-img ekit-team-style-long_height_hover text-center\">\n\n\t\t\t\t\t\t\t\t\t\t\t\t\t<img loading=\"lazy\" decoding=\"async\" width=\"1702\" height=\"1898\" src=\"https:\/\/www.pluralarquitectos.cl\/wp-content\/uploads\/2026\/01\/marcela-sanhueza.jpg\" class=\"attachment-full size-full wp-image-4023\" alt=\"\" srcset=\"https:\/\/www.pluralarquitectos.cl\/wp-content\/uploads\/2026\/01\/marcela-sanhueza.jpg 1702w, https:\/\/www.pluralarquitectos.cl\/wp-content\/uploads\/2026\/01\/marcela-sanhueza-269x300.jpg 269w, https:\/\/www.pluralarquitectos.cl\/wp-content\/uploads\/2026\/01\/marcela-sanhueza-918x1024.jpg 918w, https:\/\/www.pluralarquitectos.cl\/wp-content\/uploads\/2026\/01\/marcela-sanhueza-768x856.jpg 768w, https:\/\/www.pluralarquitectos.cl\/wp-content\/uploads\/2026\/01\/marcela-sanhueza-1377x1536.jpg 1377w\" sizes=\"(max-width: 1702px) 100vw, 1702px\" \/>\t\t\t\t\t\t\t\t\t\t\t\t<div class=\"hover-area\">\n\t\t\t\t\t\t\t<div class=\"profile-body\">\n\t\t\t\t\t\t\t\t<h2 class=\"profile-title\">\n\t\t\t\t\t\t\t\t\t\t\t\t\t\t\t\t\tMarcela Sanhueza\t\t\t\t\t\t\t\t\t\t\t\t\t\t\t\t<\/h2>\n\t\t\t\t\t\t\t\t<p class=\"profile-designation\"><\/p>\n\t\t\t\t\t\t\t\t\t\t\t\t\t\t\t\t<p class=\"profile-content\">Arquitecta coordinadora de proyectos \u00e1rea edificaci\u00f3n p\u00fablica<\/p>\n\t\t\t\t\t\t\t\t\t\t\t\t\t\t\t<\/div>\n\t\t\t\t\t\t\t\t\t\t\t\t\t<\/div>\n\t\t\t\t\t<\/div>\n\t\t\t\t\t <\/div> \n\t\t\t\t\n\t\t\t\t<\/div>\t\t<\/div>\n\t\t\t\t<\/div>\n\t\t\t\t<div class=\"elementor-element elementor-element-2211518 elementor-widget elementor-widget-elementskit-team\" data-id=\"2211518\" data-element_type=\"widget\" data-widget_type=\"elementskit-team.default\">\n\t\t\t\t<div class=\"elementor-widget-container\">\n\t\t\t<div class=\"ekit-wid-con\">\n\t\t\t\t\t\t\t\t\t\t\t <div class=\"small-gutters image-card-v3\"> \t\t\t\t\t\t\t\t\t\t\t\t\t<div class=\"profile-image-card elementor-animation- ekit-team-img ekit-team-style-long_height_hover text-center\">\n\n\t\t\t\t\t\t\t\t\t\t\t\t\t<img loading=\"lazy\" decoding=\"async\" width=\"1702\" height=\"1898\" src=\"https:\/\/www.pluralarquitectos.cl\/wp-content\/uploads\/2026\/01\/leticia-lago.jpg\" class=\"attachment-full size-full wp-image-4022\" alt=\"\" srcset=\"https:\/\/www.pluralarquitectos.cl\/wp-content\/uploads\/2026\/01\/leticia-lago.jpg 1702w, https:\/\/www.pluralarquitectos.cl\/wp-content\/uploads\/2026\/01\/leticia-lago-269x300.jpg 269w, https:\/\/www.pluralarquitectos.cl\/wp-content\/uploads\/2026\/01\/leticia-lago-918x1024.jpg 918w, https:\/\/www.pluralarquitectos.cl\/wp-content\/uploads\/2026\/01\/leticia-lago-768x856.jpg 768w, https:\/\/www.pluralarquitectos.cl\/wp-content\/uploads\/2026\/01\/leticia-lago-1377x1536.jpg 1377w\" sizes=\"(max-width: 1702px) 100vw, 1702px\" \/>\t\t\t\t\t\t\t\t\t\t\t\t<div class=\"hover-area\">\n\t\t\t\t\t\t\t<div class=\"profile-body\">\n\t\t\t\t\t\t\t\t<h2 class=\"profile-title\">\n\t\t\t\t\t\t\t\t\t\t\t\t\t\t\t\t\tLeticia Lago\t\t\t\t\t\t\t\t\t\t\t\t\t\t\t\t<\/h2>\n\t\t\t\t\t\t\t\t<p class=\"profile-designation\"><\/p>\n\t\t\t\t\t\t\t\t\t\t\t\t\t\t\t\t<p class=\"profile-content\">Arquitecta coordinadora de proyectos \u00e1rea inmobiliaria<\/p>\n\t\t\t\t\t\t\t\t\t\t\t\t\t\t\t<\/div>\n\t\t\t\t\t\t\t\t\t\t\t\t\t<\/div>\n\t\t\t\t\t<\/div>\n\t\t\t\t\t <\/div> \n\t\t\t\t\n\t\t\t\t<\/div>\t\t<\/div>\n\t\t\t\t<\/div>\n\t\t\t\t<div class=\"elementor-element elementor-element-c56dfaa elementor-widget elementor-widget-elementskit-team\" data-id=\"c56dfaa\" data-element_type=\"widget\" data-widget_type=\"elementskit-team.default\">\n\t\t\t\t<div class=\"elementor-widget-container\">\n\t\t\t<div class=\"ekit-wid-con\">\n\t\t\t\t\t\t\t\t\t\t\t <div class=\"small-gutters image-card-v3\"> \t\t\t\t\t\t\t\t\t\t\t\t\t<div class=\"profile-image-card elementor-animation- ekit-team-img ekit-team-style-long_height_hover text-center\">\n\n\t\t\t\t\t\t\t\t\t\t\t\t\t<img loading=\"lazy\" decoding=\"async\" width=\"1702\" height=\"1898\" src=\"https:\/\/www.pluralarquitectos.cl\/wp-content\/uploads\/2026\/01\/max-aliaga.jpg\" class=\"attachment-full size-full wp-image-4024\" alt=\"\" srcset=\"https:\/\/www.pluralarquitectos.cl\/wp-content\/uploads\/2026\/01\/max-aliaga.jpg 1702w, https:\/\/www.pluralarquitectos.cl\/wp-content\/uploads\/2026\/01\/max-aliaga-269x300.jpg 269w, https:\/\/www.pluralarquitectos.cl\/wp-content\/uploads\/2026\/01\/max-aliaga-918x1024.jpg 918w, https:\/\/www.pluralarquitectos.cl\/wp-content\/uploads\/2026\/01\/max-aliaga-768x856.jpg 768w, https:\/\/www.pluralarquitectos.cl\/wp-content\/uploads\/2026\/01\/max-aliaga-1377x1536.jpg 1377w\" sizes=\"(max-width: 1702px) 100vw, 1702px\" \/>\t\t\t\t\t\t\t\t\t\t\t\t<div class=\"hover-area\">\n\t\t\t\t\t\t\t<div class=\"profile-body\">\n\t\t\t\t\t\t\t\t<h2 class=\"profile-title\">\n\t\t\t\t\t\t\t\t\t\t\t\t\t\t\t\t\tMaximiliano Aliaga\t\t\t\t\t\t\t\t\t\t\t\t\t\t\t\t<\/h2>\n\t\t\t\t\t\t\t\t<p class=\"profile-designation\"><\/p>\n\t\t\t\t\t\t\t\t\t\t\t\t\t\t\t\t<p class=\"profile-content\"> Arquitecto responsable \u00e1rea de dise\u00f1o<\/p>\n\t\t\t\t\t\t\t\t\t\t\t\t\t\t\t<\/div>\n\t\t\t\t\t\t\t\t\t\t\t\t\t<\/div>\n\t\t\t\t\t<\/div>\n\t\t\t\t\t <\/div> \n\t\t\t\t\n\t\t\t\t<\/div>\t\t<\/div>\n\t\t\t\t<\/div>\n\t\t\t\t<div class=\"elementor-element elementor-element-746ee17 elementor-widget elementor-widget-elementskit-team\" data-id=\"746ee17\" data-element_type=\"widget\" data-widget_type=\"elementskit-team.default\">\n\t\t\t\t<div class=\"elementor-widget-container\">\n\t\t\t<div class=\"ekit-wid-con\">\n\t\t\t\t\t\t\t\t\t\t\t <div class=\"small-gutters image-card-v3\"> \t\t\t\t\t\t\t\t\t\t\t\t\t<div class=\"profile-image-card elementor-animation- ekit-team-img ekit-team-style-long_height_hover text-center\">\n\n\t\t\t\t\t\t\t\t\t\t\t\t\t<img loading=\"lazy\" decoding=\"async\" width=\"1702\" height=\"1898\" src=\"https:\/\/www.pluralarquitectos.cl\/wp-content\/uploads\/2026\/01\/belen-vio-1.jpg\" class=\"attachment-full size-full wp-image-4055\" alt=\"\" srcset=\"https:\/\/www.pluralarquitectos.cl\/wp-content\/uploads\/2026\/01\/belen-vio-1.jpg 1702w, https:\/\/www.pluralarquitectos.cl\/wp-content\/uploads\/2026\/01\/belen-vio-1-269x300.jpg 269w, https:\/\/www.pluralarquitectos.cl\/wp-content\/uploads\/2026\/01\/belen-vio-1-918x1024.jpg 918w, https:\/\/www.pluralarquitectos.cl\/wp-content\/uploads\/2026\/01\/belen-vio-1-768x856.jpg 768w, https:\/\/www.pluralarquitectos.cl\/wp-content\/uploads\/2026\/01\/belen-vio-1-1377x1536.jpg 1377w\" sizes=\"(max-width: 1702px) 100vw, 1702px\" \/>\t\t\t\t\t\t\t\t\t\t\t\t<div class=\"hover-area\">\n\t\t\t\t\t\t\t<div class=\"profile-body\">\n\t\t\t\t\t\t\t\t<h2 class=\"profile-title\">\n\t\t\t\t\t\t\t\t\t\t\t\t\t\t\t\t\tBel\u00e9n Vio\t\t\t\t\t\t\t\t\t\t\t\t\t\t\t\t<\/h2>\n\t\t\t\t\t\t\t\t<p class=\"profile-designation\"><\/p>\n\t\t\t\t\t\t\t\t\t\t\t\t\t\t\t\t<p class=\"profile-content\">Arquitecta coordinadora \u00e1rea de proyectos urbanos<\/p>\n\t\t\t\t\t\t\t\t\t\t\t\t\t\t\t<\/div>\n\t\t\t\t\t\t\t\t\t\t\t\t\t<\/div>\n\t\t\t\t\t<\/div>\n\t\t\t\t\t <\/div> \n\t\t\t\t\n\t\t\t\t<\/div>\t\t<\/div>\n\t\t\t\t<\/div>\n\t\t\t\t\t<\/div>\n\t\t\t\t<\/div>\n\t\t\t\t\t\t\t<\/div>\n\t\t","protected":false},"excerpt":{"rendered":"<p>Nosotros Nuestro ESTUDIO Nace el a\u00f1o 2010, motivados por un ejercicio arquitect\u00f3nico eficiente, comprometidos con la calidad de cada entrega [&hellip;]<\/p>\n","protected":false},"author":3,"featured_media":0,"parent":0,"menu_order":0,"comment_status":"closed","ping_status":"closed","template":"","meta":{"site-sidebar-layout":"no-sidebar","site-content-layout":"","ast-site-content-layout":"full-width-container","site-content-style":"default","site-sidebar-style":"default","ast-global-header-display":"","ast-banner-title-visibility":"","ast-main-header-display":"","ast-hfb-above-header-display":"","ast-hfb-below-header-display":"","ast-hfb-mobile-header-display":"","site-post-title":"disabled","ast-breadcrumbs-content":"","ast-featured-img":"disabled","footer-sml-layout":"","theme-transparent-header-meta":"","adv-header-id-meta":"","stick-header-meta":"","header-above-stick-meta":"","header-main-stick-meta":"","header-below-stick-meta":"","astra-migrate-meta-layouts":"default","ast-page-background-enabled":"default","ast-page-background-meta":{"desktop":{"background-color":"var(--ast-global-color-4)","background-image":"","background-repeat":"repeat","background-position":"center center","background-size":"auto","background-attachment":"scroll","background-type":"","background-media":"","overlay-type":"","overlay-color":"","overlay-gradient":""},"tablet":{"background-color":"","background-image":"","background-repeat":"repeat","background-position":"center center","background-size":"auto","background-attachment":"scroll","background-type":"","background-media":"","overlay-type":"","overlay-color":"","overlay-gradient":""},"mobile":{"background-color":"","background-image":"","background-repeat":"repeat","background-position":"center center","background-size":"auto","background-attachment":"scroll","background-type":"","background-media":"","overlay-type":"","overlay-color":"","overlay-gradient":""}},"ast-content-background-meta":{"desktop":{"background-color":"var(--ast-global-color-5)","background-image":"","background-repeat":"repeat","background-position":"center center","background-size":"auto","background-attachment":"scroll","background-type":"","background-media":"","overlay-type":"","overlay-color":"","overlay-gradient":""},"tablet":{"background-color":"var(--ast-global-color-5)","background-image":"","background-repeat":"repeat","background-position":"center center","background-size":"auto","background-attachment":"scroll","background-type":"","background-media":"","overlay-type":"","overlay-color":"","overlay-gradient":""},"mobile":{"background-color":"var(--ast-global-color-5)","background-image":"","background-repeat":"repeat","background-position":"center center","background-size":"auto","background-attachment":"scroll","background-type":"","background-media":"","overlay-type":"","overlay-color":"","overlay-gradient":""}},"_joinchat":[],"footnotes":""},"class_list":["post-35","page","type-page","status-publish","hentry"],"_links":{"self":[{"href":"https:\/\/www.pluralarquitectos.cl\/index.php?rest_route=\/wp\/v2\/pages\/35","targetHints":{"allow":["GET"]}}],"collection":[{"href":"https:\/\/www.pluralarquitectos.cl\/index.php?rest_route=\/wp\/v2\/pages"}],"about":[{"href":"https:\/\/www.pluralarquitectos.cl\/index.php?rest_route=\/wp\/v2\/types\/page"}],"author":[{"embeddable":true,"href":"https:\/\/www.pluralarquitectos.cl\/index.php?rest_route=\/wp\/v2\/users\/3"}],"replies":[{"embeddable":true,"href":"https:\/\/www.pluralarquitectos.cl\/index.php?rest_route=%2Fwp%2Fv2%2Fcomments&post=35"}],"version-history":[{"count":109,"href":"https:\/\/www.pluralarquitectos.cl\/index.php?rest_route=\/wp\/v2\/pages\/35\/revisions"}],"predecessor-version":[{"id":4066,"href":"https:\/\/www.pluralarquitectos.cl\/index.php?rest_route=\/wp\/v2\/pages\/35\/revisions\/4066"}],"wp:attachment":[{"href":"https:\/\/www.pluralarquitectos.cl\/index.php?rest_route=%2Fwp%2Fv2%2Fmedia&parent=35"}],"curies":[{"name":"wp","href":"https:\/\/api.w.org\/{rel}","templated":true}]}}